{"id":9,"date":"2015-08-25T13:18:48","date_gmt":"2015-08-25T11:18:48","guid":{"rendered":"https:\/\/www.dr-idelmann.com\/es\/?page_id=9"},"modified":"2024-03-04T18:43:04","modified_gmt":"2024-03-04T17:43:04","slug":"aviso-legal","status":"publish","type":"page","link":"https:\/\/www.dr-idelmann.com\/es\/aviso-legal\/","title":{"rendered":"Aviso legal"},"content":{"rendered":"<h1>Aviso legal<\/h1>\n<p>En cumplimiento del art\u00edculo 5 de la Ley alemana de servicios electr\u00f3nicos de informaci\u00f3n y comunicaci\u00f3n (\u00abTelemediengesetz\u00bb) y del art\u00edculo 2 del Reglamento de obligaciones de informaci\u00f3n de los proveedores de servicios (\u00abDienstleistungs-Informationspflichten-Verordnung\u00bb), el bufete Dr. Idelmann &amp; Asociados informa como sigue:<\/p>\n<p>Este portal es propiedad de<\/p>\n<p><strong>Rechtsanwalt Dr. Bernhard Idelmann<br \/>\nK\u00f6nigsallee 14<br \/>\n40212 D\u00fcsseldorf<br \/>\nAlemania<\/strong><\/p>\n<p>Tel.: +49 (0)211 13866 505<br \/>\nFax: +49 (0)211 13866 506<br \/>\nidelmann@dr-idelmann.com<br \/>\nwww.dr-idelmann.com<\/p>\n<p>N\u00famero de identificaci\u00f3n fiscal:<br \/>\n41 640 748 801<\/p>\n<p>El bufete Dr. Idelmann &amp; Asociados tiene su <strong>sede en D\u00fcsseldorf, Alemania<\/strong>. <strong>La direcci\u00f3n postal y de la entegra es: K\u00f6nigsallee 14, 40212 D\u00fcsseldorf, Alemania.<\/strong> <\/p>\n<p>El bufete colabora con abogados en Espa\u00f1a.<br \/>\nRechtsanwalt Dr. Idelmann coopera en r\u00e9gimen de colaboraci\u00f3n con los abogados espa\u00f1oles Carmen Chocomeli, Of Counsel, Jaime P\u00e9rez, Of Counsel, y Mar\u00eda P\u00e9rez-Ramos, Of Counsel.<br \/>\nDr. Idelmann y estos abogados <strong>no constituyen una sociedad ni son socios<\/strong>.<\/p>\n<p>El Dr. Idelmann es miembro de la C\u00e1mara de Abogados (\u00abRechtsanwaltskammer\u00bb) de D\u00fcsseldorf (<a href=\"http:\/\/www.rechtsanwaltskammer-duesseldorf.de\" target=\"_blank\" rel=\"noopener\">www.rechtsanwaltskammer-duesseldorf.de<\/a>).<\/p>\n<p><strong>Compromiso social<\/strong>:<br \/>\nEl bufete Dr. Idelmann &amp; Asociados es patrocinador de la asociaci\u00f3n registrada Gemeinn\u00fctziger Verein Aktion Friedensdorf &#8211; Kinder in Not e.V., M\u00f6nchengladbach (<a href=\"http:\/\/www.aktion-friedensdorf-mg.de\" target=\"_blank\" rel=\"noopener\">www.aktion-friedensdorf-mg.de<\/a>).<\/p>\n<p>Seguro de responsabilidad civil profesional (\u00abBerufshaftpflichtversicherung\u00bb): ERGO Versicherungs AG, Victoriaplatz 1, D &#8211; 40198 D\u00fcsseldorf<br \/>\nTitular de la p\u00f3liza de seguro: Dr. Bernhard Idelmann<br \/>\nN\u00famero de seguro: HV-SV 74575915.7-0 774-4000<\/p>\n<p>Legislaci\u00f3n aplicable:<br \/>\nRige el <strong>Derecho profesional de la abogac\u00eda alemana<\/strong> (BRAO, BORA, las normas profesionales del CCBE y EuRAG), descargable en el sitio web de la C\u00e1mara Federal de Abogados (\u00abBundesrechtsanwaltskammer\u00bb) (<a href=\"http:\/\/www.brak.de\" target=\"_blank\" rel=\"noopener\">www.brak.de<\/a>).<\/p>\n<p>Este portal usa Google Analytics y cookies. Google Analytics es un servicio de Google Inc. Puede desactivarlo configurando su navegador correspondientemente. Para m\u00e1s informaci\u00f3n sobre la protecci\u00f3n de datos personales y el uso de cookies, consulte <a href=\"http:\/\/www.google.com\/intl\/es\/analytics\" target=\"_blank\" rel=\"noopener\">www.google.com\/intl\/es\/analytics<\/a>.<\/p>\n<p><strong>Exenci\u00f3n de responsabilidad:<\/strong><\/p>\n<p>Los contenidos de este portal tienen como objeto facilitar informaci\u00f3n de car\u00e1cter general y en ning\u00fan caso constituyen asesoramiento jur\u00eddico. Todo aquel que use este sitio web, lo har\u00e1 por su propia cuenta y riesgo. <strong>El titular de este sitio web no asume ninguna responsabilidad ni por el contenido de este sitio web, ni por los enlaces contenidos en \u00e9l, ni por los contenidos de las p\u00e1ginas enlazadas<\/strong>.<br \/>\nQueda estrictamente prohibido copiar, distribuir, reproducir y divulgar p\u00fablicamente los contenidos de este sitio web, salvo previa autorizaci\u00f3n por escrito del titular.<br \/>\nTodos los derechos reservados.<\/p>\n","protected":false},"excerpt":{"rendered":"<p>Aviso legal En cumplimiento del art\u00edculo 5 de la Ley alemana de servicios electr\u00f3nicos de informaci\u00f3n y comunicaci\u00f3n (\u00abTelemediengesetz\u00bb) y del art\u00edculo 2 del Reglamento de obligaciones de informaci\u00f3n de los proveedores de servicios (\u00abDienstleistungs-Informationspflichten-Verordnung\u00bb), el bufete Dr. Idelmann &amp; Asociados informa como sigue: Este portal es propiedad de Rechtsanwalt Dr. Bernhard Idelmann K\u00f6nigsallee 14 [&hellip;]<\/p>\n","protected":false},"author":1,"featured_media":0,"parent":0,"menu_order":0,"comment_status":"closed","ping_status":"closed","template":"","meta":{"_acf_changed":false,"footnotes":""},"class_list":["post-9","page","type-page","status-publish","hentry"],"acf":[],"aioseo_notices":[],"_links":{"self":[{"href":"https:\/\/www.dr-idelmann.com\/es\/wp-json\/wp\/v2\/pages\/9","targetHints":{"allow":["GET"]}}],"collection":[{"href":"https:\/\/www.dr-idelmann.com\/es\/wp-json\/wp\/v2\/pages"}],"about":[{"href":"https:\/\/www.dr-idelmann.com\/es\/wp-json\/wp\/v2\/types\/page"}],"author":[{"embeddable":true,"href":"https:\/\/www.dr-idelmann.com\/es\/wp-json\/wp\/v2\/users\/1"}],"replies":[{"embeddable":true,"href":"https:\/\/www.dr-idelmann.com\/es\/wp-json\/wp\/v2\/comments?post=9"}],"version-history":[{"count":6,"href":"https:\/\/www.dr-idelmann.com\/es\/wp-json\/wp\/v2\/pages\/9\/revisions"}],"predecessor-version":[{"id":229,"href":"https:\/\/www.dr-idelmann.com\/es\/wp-json\/wp\/v2\/pages\/9\/revisions\/229"}],"wp:attachment":[{"href":"https:\/\/www.dr-idelmann.com\/es\/wp-json\/wp\/v2\/media?parent=9"}],"curies":[{"name":"wp","href":"https:\/\/api.w.org\/{rel}","templated":true}]}}